{"id":949,"date":"2018-08-29T18:19:12","date_gmt":"2018-08-29T21:19:12","guid":{"rendered":"https:\/\/isfd129-bue.infd.edu.ar\/sitio\/profesorado-en-geografia\/"},"modified":"2026-03-25T22:53:52","modified_gmt":"2026-03-26T01:53:52","slug":"profesorado-en-geografia","status":"publish","type":"page","link":"https:\/\/isfd129-bue.infd.edu.ar\/sitio\/profesorado-en-geografia\/","title":{"rendered":"Profesorado de Geograf\u00eda"},"content":{"rendered":"<p><span style=\"font-family: helvetica; font-size: xx-small;\"><div id=\"metaslider-id-2309\" style=\"width: 100%;\" class=\"ml-slider-3-33-0 metaslider metaslider-nivo metaslider-2309 ml-slider ms-theme-default\" role=\"region\" aria-roledescription=\"Slideshow\" aria-label=\"Slideshow\">\n    <div id=\"metaslider_container_2309\">\n        <div class='slider-wrapper theme-default'><div class='ribbon'><\/div><div id='metaslider_2309' class='nivoSlider'><img src=\"https:\/\/isfd129-bue.infd.edu.ar\/sitio\/wp-content\/uploads\/2020\/12\/geografia-politica-mapa-mundial-e1568581074768-800x288.jpg\" height=\"400\" width=\"1110\" title=\"geografia-politica-mapa-mundial-e1568581074768\" alt=\"\" class=\"slider-2309 slide-2320\" \/><img src=\"https:\/\/isfd129-bue.infd.edu.ar\/sitio\/wp-content\/uploads\/2020\/12\/colonialismo-peru-materias-primas-esclavos-e1581881615741-800x288.jpg\" height=\"400\" width=\"1110\" title=\"colonialismo-peru-materias-primas-esclavos-e1581881615741\" alt=\"\" class=\"slider-2309 slide-2318\" \/><img src=\"https:\/\/isfd129-bue.infd.edu.ar\/sitio\/wp-content\/uploads\/2020\/12\/geografia-e1568584083152-800x288.jpg\" height=\"400\" width=\"1110\" title=\"geografia-e1568584083152\" alt=\"\" class=\"slider-2309 slide-2319\" \/><img src=\"https:\/\/isfd129-bue.infd.edu.ar\/sitio\/wp-content\/uploads\/2020\/12\/geopolitica-ajedrez-mundo-1110x400.jpg\" height=\"400\" width=\"1110\" title=\"geopolitica-ajedrez-mundo\" alt=\"\" class=\"slider-2309 slide-2322\" \/><img src=\"https:\/\/isfd129-bue.infd.edu.ar\/sitio\/wp-content\/uploads\/2020\/12\/geografia-social-e1521479692424-600x216.jpg\" height=\"400\" width=\"1110\" title=\"geografia-social-e1521479692424\" alt=\"\" class=\"slider-2309 slide-2321\" \/><img src=\"https:\/\/isfd129-bue.infd.edu.ar\/sitio\/wp-content\/uploads\/2020\/12\/VictorGillamThingimperialismo-700x252.jpg\" height=\"400\" width=\"1110\" title=\"VictorGillamThingimperialismo\" alt=\"\" class=\"slider-2309 slide-2325\" \/><img src=\"https:\/\/isfd129-bue.infd.edu.ar\/sitio\/wp-content\/uploads\/2020\/12\/globalizacion-economica-e1586487500216-800x288.jpg\" height=\"400\" width=\"1110\" title=\"globalizacion-economica-e1586487500216\" alt=\"\" class=\"slider-2309 slide-2323\" \/><img src=\"https:\/\/isfd129-bue.infd.edu.ar\/sitio\/wp-content\/uploads\/2020\/12\/potencia-mundial-china-estados-unidos-guerra-comercial-e1568587865366-800x288.jpg\" height=\"400\" width=\"1110\" title=\"potencia-mundial-china-estados-unidos-guerra-comercial-e1568587865366\" alt=\"\" class=\"slider-2309 slide-2324\" \/><\/div><\/div>\n        \n    <\/div>\n<\/div><\/span><\/p>\n<p style=\"padding-left: 30px;\"><span style=\"font-family: helvetica; font-size: xx-small;\"> \u00a0<a href=\"https:\/\/isfd129-bue.infd.edu.ar\/sitio\/wp-content\/uploads\/2023\/02\/DISENO-DE-GEOGRAFIA-2023.pdf\"><img decoding=\"async\" loading=\"lazy\" class=\"alignnone wp-image-2303\" src=\"https:\/\/isfd129-bue.infd.edu.ar\/sitio\/wp-content\/uploads\/2020\/12\/DISE\u00d1O-CURRICULAR-3.png\" alt=\"\" width=\"236\" height=\"236\" \/><\/a> <a href=\"https:\/\/isfd129-bue.infd.edu.ar\/sitio\/wp-content\/uploads\/2023\/03\/GEOGRAFIA-PE.pdf\"><img decoding=\"async\" loading=\"lazy\" class=\"alignnone wp-image-2286\" src=\"https:\/\/isfd129-bue.infd.edu.ar\/sitio\/wp-content\/uploads\/2020\/12\/DISE\u00d1O-CURRICULAR.png\" alt=\"\" width=\"236\" height=\"236\" \/><\/a> <a href=\"https:\/\/isfd129-bue.infd.edu.ar\/sitio\/wp-content\/uploads\/2023\/03\/GEOGRAFIA-Correlatividades-1-1.pdf\"><img decoding=\"async\" loading=\"lazy\" class=\"alignnone wp-image-2287\" src=\"https:\/\/isfd129-bue.infd.edu.ar\/sitio\/wp-content\/uploads\/2020\/12\/DISE\u00d1O-CURRICULAR-1.png\" alt=\"\" width=\"236\" height=\"236\" \/><\/a> <a href=\"https:\/\/docs.google.com\/spreadsheets\/d\/1Te1Er3txyyknxpjcJxAih7NuO-6CONdcPGu07JnhPUU\/edit?usp=sharing\"><img decoding=\"async\" loading=\"lazy\" class=\"alignnone wp-image-2299\" src=\"https:\/\/isfd129-bue.infd.edu.ar\/sitio\/wp-content\/uploads\/2020\/12\/DISE\u00d1O-CURRICULAR-2.png\" alt=\"\" width=\"236\" height=\"236\" \/><\/a><\/span><\/p>\n<h4 style=\"padding-left: 30px;\" align=\"justify\"><img decoding=\"async\" loading=\"lazy\" class=\"alignnone size-medium wp-image-2668 aligncenter\" src=\"https:\/\/isfd129-bue.infd.edu.ar\/sitio\/wp-content\/uploads\/2021\/03\/1-2-1000x46.png\" alt=\"\" width=\"1000\" height=\"46\" srcset=\"https:\/\/isfd129-bue.infd.edu.ar\/sitio\/wp-content\/uploads\/2021\/03\/1-2-1000x46.png 1000w, https:\/\/isfd129-bue.infd.edu.ar\/sitio\/wp-content\/uploads\/2021\/03\/1-2-768x35.png 768w, https:\/\/isfd129-bue.infd.edu.ar\/sitio\/wp-content\/uploads\/2021\/03\/1-2.png 1279w\" sizes=\"(max-width: 1000px) 100vw, 1000px\" \/><\/h4>\n<h4 style=\"text-align: center;\" align=\"justify\"><\/h4>\n<h4 class=\"western\" align=\"justify\"><span style=\"font-family: arial, sans-serif;\"><span style=\"font-size: small;\">Los Profesorados en Historia y en Geograf\u00eda contemplan un primer a\u00f1o de formaci\u00f3n com\u00fan. As\u00ed, al finalizar los dos primeros a\u00f1os de su carrera, los futuros docentes habr\u00e1n transitado por una formaci\u00f3n general con \u00e9nfasis en aspectos pedag\u00f3gicos, did\u00e1cticos y psicol\u00f3gicos y poseer\u00e1n los conocimientos cient\u00edficos b\u00e1sicos para iniciar la formaci\u00f3n espec\u00edfica en una de las disciplinas. <\/span><\/span><\/h4>\n<h4 class=\"western\" align=\"justify\"><span style=\"font-family: arial, sans-serif;\"><span style=\"font-size: small;\">En los a\u00f1os siguientes, se ofrecen espacios de formaci\u00f3n complementaria sustanciales para la adecuada formaci\u00f3n en la especialidad elegida, en funci\u00f3n de los requerimientos interdisciplinarios del conocimiento en la actualidad. Tal estructuraci\u00f3n garantiza, simult\u00e1neamente, el dominio de la propia disciplina y la idoneidad del egresado para desempe\u00f1arse en el Tercer Ciclo de EGB, en el \u00c1rea de Ciencias Sociales<\/span><\/span><\/h4>\n<h4 class=\"western\" align=\"justify\"><span style=\"font-family: arial, sans-serif;\"><span style=\"font-size: small;\">La Formaci\u00f3n Docente de Grado en Historia y en Geograf\u00eda para dicho Ciclo y para el Nivel Polimodal implica profundizaci\u00f3n en un saber disciplinar que integra aspectos conceptuales y procedimentales propios de las ciencias hist\u00f3rica y geogr\u00e1fica, respectivamente; introducci\u00f3n en un saber areal integrado por disciplinas tales como Sociolog\u00eda, Econom\u00eda, Antropolog\u00eda y Pol\u00edtica y conocimiento sobre la ense\u00f1anza y el aprendizaje de los contenidos de la disciplina y del \u00e1rea.<\/span><\/span><\/h4>\n<h4 class=\"western\" align=\"justify\"><span style=\"font-family: arial, sans-serif;\"><span style=\"font-size: small;\">Resulta relevante para la Formaci\u00f3n Docente el an\u00e1lisis y vinculaci\u00f3n de los conocimientos cient\u00edficos, los saberes escolares y la vida cotidiana. La ense\u00f1anza de la Historia y de la Geograf\u00eda, en consecuencia, procurar\u00e1 el desarrollo de herramientas conceptuales, anal\u00edticas y pr\u00e1cticas que posibiliten al alumno la comprensi\u00f3n de la realidad social inmediata y mediata, tanto en lo relativo a la estructura espacial y los fen\u00f3menos que le han dado lugar cuanto a las relaciones entre el presente y la interpretaci\u00f3n del pasado.<\/span><\/span><\/h4>\n<h4 class=\"western\" align=\"justify\"><span style=\"font-family: arial, sans-serif;\"><span style=\"font-size: small;\">Los hechos y procesos sociales, hist\u00f3ricos y espaciales pueden ser considerados seg\u00fan distintas escuelas de pensamiento; cabe esperar, en consecuencia, del futuro docente de Historia o de Geograf\u00eda, posturas din\u00e1micas, con m\u00faltiples perspectivas para la interpretaci\u00f3n la realidad. En ese marco, es importante que otorgue particular valor a la coherencia entre la postura epistemol\u00f3gica disciplinar en la que sustenta su trabajo y su pr\u00e1ctica en el aula.<\/span><\/span><\/h4>\n<h4 class=\"western\" align=\"justify\"><span style=\"font-family: arial, sans-serif;\"><span style=\"font-size: small;\">Historia y Geograf\u00eda han sufrido \u2013en tanto disciplinas- profundos y complejos cambios en la \u00faltima mitad del siglo. Por una parte, una apertura al an\u00e1lisis de la totalidad de los fen\u00f3menos sociales ha superado los tradicionales marcos pol\u00edticos, militares y diplom\u00e1ticos; por otra, la expansi\u00f3n de la revoluci\u00f3n cient\u00edfico-tecnol\u00f3gica ha generado una nueva organizaci\u00f3n del territorio y del sistema de relaciones internacionales y ha modificado la valoraci\u00f3n de los recursos y del ambiente. Lo que se consideraba inmutable, se concibe, ahora, como una construcci\u00f3n cultural sometida a variaciones en el tiempo y el espacio. Todo ello ha determinado variaciones sustanciales en la concepci\u00f3n de los objetos de estudio, los enfoques y las metodolog\u00edas de estas disciplinas.<\/span><\/span><\/h4>\n<h4 class=\"western\" align=\"justify\"><span style=\"font-family: arial, sans-serif;\"><span style=\"font-size: small;\">La renovaci\u00f3n historiogr\u00e1fica ha rescatado como rasgos predominantes de la realidad hist\u00f3rica <\/span><\/span><em><span style=\"font-family: arial, sans-serif;\"><span style=\"font-size: small;\">la<\/span><\/span><\/em> <em><span style=\"font-family: arial, sans-serif;\"><span style=\"font-size: small;\">complejidad<\/span><\/span><\/em><span style=\"font-family: arial, sans-serif;\"><span style=\"font-size: small;\">, el <\/span><\/span><em><span style=\"font-family: arial, sans-serif;\"><span style=\"font-size: small;\">conflicto<\/span><\/span><\/em><span style=\"font-family: arial, sans-serif;\"><span style=\"font-size: small;\">, <\/span><\/span><em><span style=\"font-family: arial, sans-serif;\"><span style=\"font-size: small;\">el<\/span><\/span><\/em> <em><span style=\"font-family: arial, sans-serif;\"><span style=\"font-size: small;\">cambio<\/span><\/span><\/em><span style=\"font-family: arial, sans-serif;\"><span style=\"font-size: small;\">, <\/span><\/span><em><span style=\"font-family: arial, sans-serif;\"><span style=\"font-size: small;\">la<\/span><\/span><\/em> <em><span style=\"font-family: arial, sans-serif;\"><span style=\"font-size: small;\">permanencia<\/span><\/span><\/em><span style=\"font-family: arial, sans-serif;\"><span style=\"font-size: small;\">. En este enfoque, el sujeto de la historia se identifica con los hombres y mujeres concretos que desarrollan sus acciones en diferentes planos y dimensiones: econ\u00f3mico, social, pol\u00edtico, cultural.<\/span><\/span><\/h4>\n<h4 class=\"western\" align=\"justify\"><span style=\"font-family: arial, sans-serif;\"><span style=\"font-size: small;\">En cuanto a Geograf\u00eda, categor\u00edas tales como <\/span><\/span><em><span style=\"font-family: arial, sans-serif;\"><span style=\"font-size: small;\">estructura<\/span><\/span><\/em><span style=\"font-family: arial, sans-serif;\"><span style=\"font-size: small;\">, <\/span><\/span><em><span style=\"font-family: arial, sans-serif;\"><span style=\"font-size: small;\">proceso<\/span><\/span><\/em><span style=\"font-family: arial, sans-serif;\"><span style=\"font-size: small;\">, <\/span><\/span><em><span style=\"font-family: arial, sans-serif;\"><span style=\"font-size: small;\">funci\u00f3n<\/span><\/span><\/em><span style=\"font-family: arial, sans-serif;\"><span style=\"font-size: small;\"> y <\/span><\/span><em><span style=\"font-family: arial, sans-serif;\"><span style=\"font-size: small;\">forma<\/span><\/span><\/em><span style=\"font-family: arial, sans-serif;\"><span style=\"font-size: small;\"> resultan claves para un an\u00e1lisis del territorio que supone un enfoque espacial del acontecer social. La escala, a su vez, concepto y herramienta propia de esta disciplina, permite una aproximaci\u00f3n a lo espacial y la articulaci\u00f3n de lo local con los procesos globales.<\/span><\/span><\/h4>\n<h4 class=\"western\" align=\"justify\"><span style=\"font-family: arial, sans-serif;\"><span style=\"font-size: small;\">Mediante la conjunci\u00f3n de los conocimientos particulares de cada disciplina, los de la formaci\u00f3n pedag\u00f3gica y los de la formaci\u00f3n especializada, los futuros docentes de Historia o de Geograf\u00eda conocer\u00e1n distintos modelos de ense\u00f1anza -identificando las concepciones sobre la ciencia, el aprendizaje y la ense\u00f1anza escolar que subyacen en los mismos; organizar\u00e1n secuencias de contenidos y actividades, seleccionar\u00e1n recursos y estrategias de evaluaci\u00f3n espec\u00edficas y dise\u00f1ar\u00e1n acciones apropiadas para la articulaci\u00f3n interdisciplinaria y el tratamiento de temas transversales.<\/span><\/span><\/h4>\n","protected":false},"excerpt":{"rendered":"<p>\u00a0 Los Profesorados en Historia y en Geograf\u00eda contemplan un primer a\u00f1o de formaci\u00f3n com\u00fan. As\u00ed, al finalizar los dos primeros a\u00f1os de su carrera, los futuros docentes habr\u00e1n transitado por una formaci\u00f3n general con \u00e9nfasis en aspectos pedag\u00f3gicos, did\u00e1cticos y psicol\u00f3gicos y poseer\u00e1n los conocimientos cient\u00edficos b\u00e1sicos para iniciar la formaci\u00f3n espec\u00edfica en una &#8230; <a title=\"Profesorado de Geograf\u00eda\" class=\"read-more\" href=\"https:\/\/isfd129-bue.infd.edu.ar\/sitio\/profesorado-en-geografia\/\" aria-label=\"More on Profesorado de Geograf\u00eda\">[+]<\/a><\/p>\n","protected":false},"author":1681,"featured_media":0,"parent":0,"menu_order":0,"comment_status":"closed","ping_status":"closed","template":"","meta":[],"acf":[],"_links":{"self":[{"href":"https:\/\/isfd129-bue.infd.edu.ar\/sitio\/wp-json\/wp\/v2\/pages\/949"}],"collection":[{"href":"https:\/\/isfd129-bue.infd.edu.ar\/sitio\/wp-json\/wp\/v2\/pages"}],"about":[{"href":"https:\/\/isfd129-bue.infd.edu.ar\/sitio\/wp-json\/wp\/v2\/types\/page"}],"author":[{"embeddable":true,"href":"https:\/\/isfd129-bue.infd.edu.ar\/sitio\/wp-json\/wp\/v2\/users\/1681"}],"replies":[{"embeddable":true,"href":"https:\/\/isfd129-bue.infd.edu.ar\/sitio\/wp-json\/wp\/v2\/comments?post=949"}],"version-history":[{"count":29,"href":"https:\/\/isfd129-bue.infd.edu.ar\/sitio\/wp-json\/wp\/v2\/pages\/949\/revisions"}],"predecessor-version":[{"id":3459,"href":"https:\/\/isfd129-bue.infd.edu.ar\/sitio\/wp-json\/wp\/v2\/pages\/949\/revisions\/3459"}],"wp:attachment":[{"href":"https:\/\/isfd129-bue.infd.edu.ar\/sitio\/wp-json\/wp\/v2\/media?parent=949"}],"curies":[{"name":"wp","href":"https:\/\/api.w.org\/{rel}","templated":true}]}}