{"id":961,"date":"2018-08-29T18:19:18","date_gmt":"2018-08-29T21:19:18","guid":{"rendered":"https:\/\/isfd129-bue.infd.edu.ar\/sitio\/cai\/"},"modified":"2024-12-13T19:02:24","modified_gmt":"2024-12-13T22:02:24","slug":"cai","status":"publish","type":"page","link":"https:\/\/isfd129-bue.infd.edu.ar\/sitio\/cai\/","title":{"rendered":"CAI"},"content":{"rendered":"<p align=\"justify\"><span style=\"color: #000000;\"><span style=\"font-family: arial, sans-serif;\"><span style=\"font-size: medium;\">El Consejo Acad\u00e9mico Institucional es un \u00f3rgano fundamental para la toma de decisiones institucionales. Las decisiones del CAI emanan de un proceso de consenso y votaci\u00f3n y <strong>posee car\u00e1cter vinculante en la definici\u00f3n de la organizaci\u00f3n institucional, presupuestaria \u2013tratamiento de planta org\u00e1nico-funcional- de gesti\u00f3n curricular, de proyectos de articulaci\u00f3n, de extensi\u00f3n e investigaci\u00f3n, concursos docentes, convivencia y trayectorias estudiantiles.<\/strong><\/span><\/span><\/span><\/p>\n<p align=\"justify\"><span style=\"color: #000000;\"><span style=\"font-family: arial, sans-serif;\"><span style=\"font-size: medium;\">Est\u00e1 conformado por representantes del cuerpo directivo, del claustro docente, estudiantil y del equipo de gesti\u00f3n. Cada consejero\/a representa a un profesorado en particular, y todos los profesorados se encuentran representados en ambos claustros.<\/span><\/span><\/span><\/p>\n<p align=\"justify\"><span style=\"color: #000000;\"><span style=\"font-family: arial, sans-serif;\"><span style=\"font-size: medium;\">La conformaci\u00f3n del CAI se define a trav\u00e9s de un proceso de elecciones, que se desarrollan, habitualmente en el mes de octubre. <\/span><\/span><\/span><\/p>\n<p align=\"justify\"><span style=\"color: #000000;\"><span style=\"font-family: arial, sans-serif;\"><span style=\"font-size: medium;\">Todo lo referente al funcionamiento de este cuerpo, fundamental para la democracia institucional, se encuentra contemplado en la\u00a0<a href=\"https:\/\/isfd129-bue.infd.edu.ar\/sitio\/wp-content\/uploads\/2020\/04\/Resoluci\u00f3n-4044-09-y-Anexo.pdf\">Resoluci\u00f3n 4044-09 y Anexo<\/a><\/span><\/span><\/span><\/p>\n<hr \/>\n<h2 style=\"text-align: center;\" align=\"justify\"><strong><span style=\"color: #000000;\"><span style=\"font-family: arial, sans-serif;\"><span style=\"font-size: medium;\">Conformaci\u00f3n actual del Consejo Acad\u00e9mico Institucional:<\/span><\/span><\/span><\/strong><\/h2>\n<h2 style=\"text-align: center;\" align=\"justify\"><strong><span style=\"color: #000000;\"><span style=\"font-family: arial, sans-serif;\"><span style=\"font-size: medium;\">2024\/2025<\/span><\/span><\/span><\/strong><\/h2>\n<p style=\"text-align: center;\" align=\"justify\"><strong><span style=\"color: #000000;\"><span style=\"font-family: arial, sans-serif;\"><span style=\"font-size: medium;\">CONSEJEROS\/AS TITULARES DOCENTES<\/span><\/span><\/span><\/strong><\/p>\n<p style=\"text-align: center;\" align=\"justify\"><span style=\"color: #000000;\"><span style=\"font-family: arial, sans-serif;\"><span style=\"font-size: medium;\">Agust\u00edn Orsi (Prof. de Historia y Geograf\u00eda) <\/span><\/span><\/span><\/p>\n<p style=\"text-align: center;\" align=\"justify\"><span style=\"color: #000000;\"><span style=\"font-family: arial, sans-serif;\"><span style=\"font-size: medium;\">Alejandra Medina (Prof. de Nivel Inicial)<\/span><\/span><\/span><\/p>\n<p style=\"text-align: center;\" align=\"left\"><span style=\"color: #000000;\"><span style=\"font-family: arial, sans-serif;\"><span style=\"font-size: medium;\">Ver\u00f3nica Zappa Villar (Profesorado de Biolog\u00eda y Qu\u00edmica) <\/span><\/span><\/span><\/p>\n<p style=\"text-align: center;\" align=\"left\"><span style=\"color: #000000;\"><span style=\"font-family: arial, sans-serif;\"><span style=\"font-size: medium;\">Mar\u00eda Eva Blaiotta (Prof. de Lengua y Literatura) <\/span><\/span><\/span><\/p>\n<p style=\"text-align: center;\" align=\"left\"><span style=\"color: #000000;\"><span style=\"font-family: arial, sans-serif;\"><span style=\"font-size: medium;\">Luciana Ramirez (Prof. de Ingl\u00e9s) <\/span><\/span><\/span><\/p>\n<p style=\"text-align: center;\" align=\"left\"><span style=\"color: #000000;\"><span style=\"font-family: arial, sans-serif;\"><span style=\"font-size: medium;\">Victoria Kazansky (Prof. de Filosof\u00eda) <\/span><\/span><\/span><\/p>\n<p style=\"text-align: center;\" align=\"left\"><span style=\"color: #000000;\"><span style=\"font-family: arial, sans-serif;\"><span style=\"font-size: medium;\"><strong>CONCEJEROS\/AS ESTUDIANTILES TITULARES<\/strong><\/span><\/span><\/span><\/p>\n<p style=\"text-align: center;\" align=\"left\"><span style=\"color: #000000;\"><span style=\"font-family: arial, sans-serif;\"><span style=\"font-size: medium;\">Juan Saita (Prof. de Historia y Geograf\u00eda) <\/span><\/span><\/span><\/p>\n<p style=\"text-align: center;\" align=\"left\"><span style=\"color: #000000;\"><span style=\"font-family: arial, sans-serif;\"><span style=\"font-size: medium;\">Melina Massi (Prof. de Biolog\u00eda) <\/span><\/span><\/span><\/p>\n<p style=\"text-align: center;\" align=\"left\"><span style=\"color: #000000;\"><span style=\"font-family: arial, sans-serif;\"><span style=\"font-size: medium;\">Julieta Di Pierro (Prof. de Inicial) <\/span><\/span><\/span><\/p>\n<p style=\"text-align: center;\" align=\"left\"><span style=\"color: #000000;\"><span style=\"font-family: arial, sans-serif;\"><span style=\"font-size: medium;\">Milagros Nievas (Prof. de Lengua y Literatura) <\/span><\/span><\/span><\/p>\n<p style=\"text-align: center;\" align=\"left\"><span style=\"color: #000000;\"><span style=\"font-family: arial, sans-serif;\"><span style=\"font-size: medium;\">Teresa de Jes\u00fas Matessich (Profesorado de Ingl\u00e9s) <\/span><\/span><\/span><\/p>\n<p style=\"text-align: center;\" align=\"left\"><span style=\"color: #000000;\"><span style=\"font-family: arial, sans-serif;\"><span style=\"font-size: medium;\">Eber Ledesma (Prof. de Filosof\u00eda)<\/span><\/span><\/span><\/p>\n<p style=\"text-align: center;\" align=\"justify\"><strong><span style=\"color: #000000;\"><span style=\"font-family: arial, sans-serif;\"><span style=\"font-size: medium;\">INTEGRANTES DEL EQUIPO DIRECTIVO<\/span><\/span><\/span><\/strong><\/p>\n<p style=\"text-align: center;\" align=\"justify\"><span style=\"color: #000000;\"><span style=\"font-family: arial, sans-serif;\"><span style=\"font-size: medium;\">Mauricio Madrea (Director Institucional)<\/span><\/span><\/span><\/p>\n<p style=\"text-align: center;\" align=\"justify\"><span style=\"color: #000000;\"><span style=\"font-family: arial, sans-serif;\"><span style=\"font-size: medium;\">Paula Sanchez (Vicedirectora)<\/span><\/span><\/span><\/p>\n<hr \/>\n<p style=\"text-align: center;\" align=\"justify\"><span style=\"color: #000000;\"><span style=\"font-family: arial, sans-serif;\"><span style=\"font-size: medium;\"><strong>CONSEJEROS DOCENTES SUPLENTES <\/strong><\/span><\/span><\/span><\/p>\n<p style=\"text-align: center;\" align=\"justify\"><span style=\"color: #000000;\"><span style=\"font-family: arial, sans-serif;\"><span style=\"font-size: medium;\">Mat\u00edas Morresi (Prof. de Historia y Geograf\u00eda) <\/span><\/span><\/span><\/p>\n<p style=\"text-align: center;\" align=\"justify\"><span style=\"color: #000000;\"><span style=\"font-family: arial, sans-serif;\"><span style=\"font-size: medium;\">Leticia Bianco (Prof. de Biolog\u00eda y Qu\u00edmica) <\/span><\/span><\/span><\/p>\n<p style=\"text-align: center;\" align=\"justify\"><span style=\"color: #000000;\"><span style=\"font-family: arial, sans-serif;\"><span style=\"font-size: medium;\">Marcelo Maggio (Prof. de Nivel Inicial) <\/span><\/span><\/span><\/p>\n<p style=\"text-align: center;\" align=\"justify\"><span style=\"color: #000000;\"><span style=\"font-family: arial, sans-serif;\"><span style=\"font-size: medium;\">Gabriela Gastaldi (Prof. de Lengua y Literatura) <\/span><\/span><\/span><\/p>\n<p style=\"text-align: center;\" align=\"justify\"><span style=\"color: #000000;\"><span style=\"font-family: arial, sans-serif;\"><span style=\"font-size: medium;\">Juan Di Camillo (Prof. de Ingl\u00e9s) <\/span><\/span><\/span><\/p>\n<p style=\"text-align: center;\" align=\"justify\"><span style=\"color: #000000;\"><span style=\"font-family: arial, sans-serif;\"><span style=\"font-size: medium;\">Mari\u00e1ngeles Albello (Prof. de Filosof\u00eda) <\/span><\/span><\/span><\/p>\n<p style=\"text-align: center;\" align=\"justify\"><span style=\"color: #000000;\"><span style=\"font-family: arial, sans-serif;\"><span style=\"font-size: medium;\"><strong>CONSEJEROS\/AS ESTUDIANTILES SUPLENTES <\/strong><\/span><\/span><\/span><\/p>\n<p style=\"text-align: center;\" align=\"justify\"><span style=\"color: #000000;\"><span style=\"font-family: arial, sans-serif;\"><span style=\"font-size: medium;\">Laura Battaglino (Prof. de Historia y Geograf\u00eda) <\/span><\/span><\/span><\/p>\n<p style=\"text-align: center;\" align=\"justify\"><span style=\"color: #000000;\"><span style=\"font-family: arial, sans-serif;\"><span style=\"font-size: medium;\">\u00c1ngela Rafaeli (Prof. de Biolog\u00eda y Qu\u00edmica) <\/span><\/span><\/span><\/p>\n<p style=\"text-align: center;\" align=\"justify\"><span style=\"color: #000000;\"><span style=\"font-family: arial, sans-serif;\"><span style=\"font-size: medium;\">Macarena Tala\u00edn Leguizam\u00f3n (Prof. de Nivel Inicial) <\/span><\/span><\/span><\/p>\n<p style=\"text-align: center;\" align=\"justify\"><span style=\"color: #000000;\"><span style=\"font-family: arial, sans-serif;\"><span style=\"font-size: medium;\">Araceli Menichetti (Prof. de Lengua y Literatura) <\/span><\/span><\/span><\/p>\n<p style=\"text-align: center;\" align=\"justify\"><span style=\"color: #000000;\"><span style=\"font-family: arial, sans-serif;\"><span style=\"font-size: medium;\">Dafne Ileana del Rio (Prof. de Ingl\u00e9s) <\/span><\/span><\/span><\/p>\n<p style=\"text-align: center;\" align=\"justify\"><span style=\"color: #000000;\"><span style=\"font-family: arial, sans-serif;\"><span style=\"font-size: medium;\">Juan Mart\u00edn Argente (Prof. de Filosof\u00eda)<\/span><\/span><\/span><\/p>\n<p align=\"justify\">\n<p align=\"justify\">\n","protected":false},"excerpt":{"rendered":"<p>El Consejo Acad\u00e9mico Institucional es un \u00f3rgano fundamental para la toma de decisiones institucionales. Las decisiones del CAI emanan de un proceso de consenso y votaci\u00f3n y posee car\u00e1cter vinculante en la definici\u00f3n de la organizaci\u00f3n institucional, presupuestaria \u2013tratamiento de planta org\u00e1nico-funcional- de gesti\u00f3n curricular, de proyectos de articulaci\u00f3n, de extensi\u00f3n e investigaci\u00f3n, concursos docentes, &#8230; <a title=\"CAI\" class=\"read-more\" href=\"https:\/\/isfd129-bue.infd.edu.ar\/sitio\/cai\/\" aria-label=\"More on CAI\">[+]<\/a><\/p>\n","protected":false},"author":1681,"featured_media":0,"parent":0,"menu_order":0,"comment_status":"closed","ping_status":"closed","template":"","meta":[],"acf":[],"_links":{"self":[{"href":"https:\/\/isfd129-bue.infd.edu.ar\/sitio\/wp-json\/wp\/v2\/pages\/961"}],"collection":[{"href":"https:\/\/isfd129-bue.infd.edu.ar\/sitio\/wp-json\/wp\/v2\/pages"}],"about":[{"href":"https:\/\/isfd129-bue.infd.edu.ar\/sitio\/wp-json\/wp\/v2\/types\/page"}],"author":[{"embeddable":true,"href":"https:\/\/isfd129-bue.infd.edu.ar\/sitio\/wp-json\/wp\/v2\/users\/1681"}],"replies":[{"embeddable":true,"href":"https:\/\/isfd129-bue.infd.edu.ar\/sitio\/wp-json\/wp\/v2\/comments?post=961"}],"version-history":[{"count":8,"href":"https:\/\/isfd129-bue.infd.edu.ar\/sitio\/wp-json\/wp\/v2\/pages\/961\/revisions"}],"predecessor-version":[{"id":3368,"href":"https:\/\/isfd129-bue.infd.edu.ar\/sitio\/wp-json\/wp\/v2\/pages\/961\/revisions\/3368"}],"wp:attachment":[{"href":"https:\/\/isfd129-bue.infd.edu.ar\/sitio\/wp-json\/wp\/v2\/media?parent=961"}],"curies":[{"name":"wp","href":"https:\/\/api.w.org\/{rel}","templated":true}]}}